{"id":13,"date":"2020-09-03T13:15:30","date_gmt":"2020-09-03T13:15:30","guid":{"rendered":"http:\/\/kirchenchor-haegglingen.ch\/wordpress\/?page_id=13"},"modified":"2025-07-30T20:19:42","modified_gmt":"2025-07-30T20:19:42","slug":"ueber-uns","status":"publish","type":"page","link":"https:\/\/kirchenchor-haegglingen.ch\/wordpress\/","title":{"rendered":"\u00fcber uns"},"content":{"rendered":"\n\n\t<p><strong>Herzlich Willkommen auf der Homepage des Kirchenchors H\u00e4gglingen.<\/strong><\/p>\n<p>Haben Sie Freude am Singen, dann sind Sie bei uns richtig! Wir sind ein gemischter Chor, welcher sich aus S\u00e4ngerinnen und S\u00e4ngern aller Altersgruppen zusammensetzt.<\/p>\n<p>Mit unserem Gesang bereichern wir verschiedene Gottesdienste. Zu den Highlights im Jahresprogramm geh\u00f6ren sicher unsere Auff\u00fchrungen an Ostern und an Weihnachten. Bei uns kommt aber auch die Geselligkeit nicht zu kurz (siehe Vereinsanl\u00e4sse).<\/p>\n<strong>Sind Sie am Mitsingen interessiert und m\u00f6chten Sie mehr \u00fcber uns erfahren?<\/strong><br \/>\nAlex B\u00fcsser (Pr\u00e4sident) und Ueli Fischer (Chorleiter) geben Ihnen gerne weitere Ausk\u00fcnfte. Sie sind herzlich willkommen, unverbindlich einer Chorprobe beizuwohnen.\n<p>Wir proben jeweils mittwochs um 20 Uhr im Singsaal.<\/p>\n\t\t\t\t<img decoding=\"async\" src=\"https:\/\/kirchenchor-haegglingen.ch\/wordpress\/wp-content\/uploads\/2025\/07\/20240228_Probe-scaled.jpg\" alt=\"20240228_Probe\" itemprop=\"image\" height=\"1152\" width=\"2560\" title=\"20240228_Probe\" onerror=\"this.style.display='none'\" loading=\"lazy\" \/>\n\n","protected":false},"excerpt":{"rendered":"<p>Herzlich Willkommen auf der Homepage des Kirchenchors H\u00e4gglingen. Haben Sie Freude am Singen, dann sind Sie bei uns richtig! Wir sind ein gemischter Chor, welcher sich aus S\u00e4ngerinnen und S\u00e4ngern aller Altersgruppen zusammensetzt. Mit unserem Gesang bereichern wir verschiedene Gottesdienste. Zu den Highlights im Jahresprogramm geh\u00f6ren sicher unsere Auff\u00fchrungen an Ostern und an Weihnachten. Bei [&hellip;]<\/p>\n","protected":false},"author":1,"featured_media":0,"parent":0,"menu_order":0,"comment_status":"closed","ping_status":"closed","template":"","meta":{"footnotes":""},"class_list":["post-13","page","type-page","status-publish","hentry","wpbf-post"],"_links":{"self":[{"href":"https:\/\/kirchenchor-haegglingen.ch\/wordpress\/index.php\/wp-json\/wp\/v2\/pages\/13","targetHints":{"allow":["GET"]}}],"collection":[{"href":"https:\/\/kirchenchor-haegglingen.ch\/wordpress\/index.php\/wp-json\/wp\/v2\/pages"}],"about":[{"href":"https:\/\/kirchenchor-haegglingen.ch\/wordpress\/index.php\/wp-json\/wp\/v2\/types\/page"}],"author":[{"embeddable":true,"href":"https:\/\/kirchenchor-haegglingen.ch\/wordpress\/index.php\/wp-json\/wp\/v2\/users\/1"}],"replies":[{"embeddable":true,"href":"https:\/\/kirchenchor-haegglingen.ch\/wordpress\/index.php\/wp-json\/wp\/v2\/comments?post=13"}],"version-history":[{"count":21,"href":"https:\/\/kirchenchor-haegglingen.ch\/wordpress\/index.php\/wp-json\/wp\/v2\/pages\/13\/revisions"}],"predecessor-version":[{"id":263,"href":"https:\/\/kirchenchor-haegglingen.ch\/wordpress\/index.php\/wp-json\/wp\/v2\/pages\/13\/revisions\/263"}],"wp:attachment":[{"href":"https:\/\/kirchenchor-haegglingen.ch\/wordpress\/index.php\/wp-json\/wp\/v2\/media?parent=13"}],"curies":[{"name":"wp","href":"https:\/\/api.w.org\/{rel}","templated":true}]}}